{"id":1979,"date":"2023-12-30T16:32:08","date_gmt":"2023-12-30T15:32:08","guid":{"rendered":"https:\/\/test4.stxweb.ch\/?page_id=1979"},"modified":"2026-04-18T22:57:44","modified_gmt":"2026-04-18T20:57:44","slug":"faq","status":"publish","type":"page","link":"https:\/\/tourdesmuverans.ch\/de\/faq\/","title":{"rendered":"FAQ"},"content":{"rendered":"<div data-elementor-type=\"wp-page\" data-elementor-id=\"1979\" class=\"elementor elementor-1979\">\n\t\t\t\t\t\t<section class=\"elementor-section elementor-top-section elementor-element elementor-element-7fe92584 elementor-section-height-min-height elementor-section-boxed elementor-section-height-default elementor-section-items-middle\" data-id=\"7fe92584\" data-element_type=\"section\" data-e-type=\"section\" data-settings=\"{&quot;background_background&quot;:&quot;classic&quot;}\">\n\t\t\t\t\t\t\t<div class=\"elementor-background-overlay\"><\/div>\n\t\t\t\t\t\t\t<div class=\"elementor-container elementor-column-gap-default\">\n\t\t\t\t\t<div class=\"elementor-column elementor-col-100 elementor-top-column elementor-element elementor-element-1303e5b6\" data-id=\"1303e5b6\" data-element_type=\"column\" data-e-type=\"column\">\n\t\t\t<div class=\"elementor-widget-wrap elementor-element-populated\">\n\t\t\t\t\t\t<div class=\"elementor-element elementor-element-3cf45bdd elementor-widget elementor-widget-heading\" data-id=\"3cf45bdd\" data-element_type=\"widget\" data-e-type=\"widget\" data-widget_type=\"heading.default\">\n\t\t\t\t<div class=\"elementor-widget-container\">\n\t\t\t\t\t<h1 class=\"elementor-heading-title elementor-size-default\">FAQ<\/h1>\t\t\t\t<\/div>\n\t\t\t\t<\/div>\n\t\t\t\t\t<\/div>\n\t\t<\/div>\n\t\t\t\t\t<\/div>\n\t\t<\/section>\n\t\t<div class=\"elementor-element elementor-element-3849644 e-flex e-con-boxed e-con e-parent\" data-id=\"3849644\" data-element_type=\"container\" data-e-type=\"container\">\n\t\t\t\t\t<div class=\"e-con-inner\">\n\t\t\t\t<div class=\"elementor-element elementor-element-f6e9f31 elementor-widget elementor-widget-eael-adv-accordion\" data-id=\"f6e9f31\" data-element_type=\"widget\" data-e-type=\"widget\" data-widget_type=\"eael-adv-accordion.default\">\n\t\t\t\t<div class=\"elementor-widget-container\">\n\t\t\t\t\t            <div class=\"eael-adv-accordion\" id=\"eael-adv-accordion-f6e9f31\" data-scroll-on-click=\"no\" data-scroll-speed=\"300\" data-accordion-id=\"f6e9f31\" data-accordion-type=\"accordion\" data-toogle-speed=\"300\">\n            <div class=\"eael-accordion-list\">\n\t\t\t\t\t<div id=\"quelle-est-la-meilleure-carte-pour-prparer-son-tour-des-muverans-\" class=\"elementor-tab-title eael-accordion-header\" tabindex=\"0\" data-tab=\"1\" aria-controls=\"elementor-tab-content-2581\"><span class=\"eael-advanced-accordion-icon-closed\"><i aria-hidden=\"true\" class=\"fa-accordion-icon fas fa-plus\"><\/i><\/span><span class=\"eael-advanced-accordion-icon-opened\"><i aria-hidden=\"true\" class=\"fa-accordion-icon fas fa-minus\"><\/i><\/span><span class=\"eael-accordion-tab-title\">Welche Karte ist die beste, um \"seine\" Tour des Muverans vorzubereiten?<\/span><i aria-hidden=\"true\" class=\"fa-toggle fas fa-angle-right\"><\/i><\/div><div id=\"elementor-tab-content-2581\" class=\"eael-accordion-content clearfix\" data-tab=\"1\" aria-labelledby=\"quelle-est-la-meilleure-carte-pour-prparer-son-tour-des-muverans-\"><p>Wir empfehlen Ihnen dringend die Nutzung kostenloser Smartphone-Anwendungen. <a href=\"https:\/\/schweizmobil.ch\/fr\/appli-suissemobile\" target=\"_blank\" rel=\"noopener nofollow\">SchweizMobil<\/a>, oder <a href=\"https:\/\/www.swisstopo.admin.ch\/fr\/application-swisstopo\" target=\"_blank\" rel=\"noopener nofollow\">Swisstopo<\/a>. Der Vorteil dieser Apps ist unter anderem, dass sie mindestens einmal im Jahr aktualisiert werden, was bei einer Papierkarte nat\u00fcrlich nicht der Fall ist. Sie sind viel genauer als Google Maps, das wir Ihnen in den Bergen nicht empfehlen w\u00fcrden. Denken Sie jedoch daran, die f\u00fcr Ihre Wanderung ben\u00f6tigten Karten zu Hause herunterzuladen, wenn Sie Ihr WLAN nutzen.<\/p><p>F\u00fcr Liebhaber von Papierkarten deckt die Karte \u00abDu Rh\u00f4ne aux Muverans\u00bb den gesamten TdM im Massstab 1:25.000 ab. Sie kann bei verschiedenen Fachh\u00e4ndlern und Tourismusb\u00fcros erworben werden \u2013 insbesondere im Tourismusb\u00fcro von Ovronnaz., <a href=\"https:\/\/boutique-ovronnaz.ch\" target=\"_blank\" rel=\"noopener nofollow\">Boutique-Ovronnaz.ch<\/a><\/p><\/div>\n\t\t\t\t\t<\/div><div class=\"eael-accordion-list\">\n\t\t\t\t\t<div id=\"puis-je-trouver-sur-votre-site-ou-par-votre-intermdiaire-des-renseignements-relatifs-la-mto-et-aux-conditions-quil-est-possible-de-rencontrer-une-priode-prcise-sur-le-tour-des-muverans-\" class=\"elementor-tab-title eael-accordion-header\" tabindex=\"0\" data-tab=\"2\" aria-controls=\"elementor-tab-content-2582\"><span class=\"eael-advanced-accordion-icon-closed\"><i aria-hidden=\"true\" class=\"fa-accordion-icon fas fa-plus\"><\/i><\/span><span class=\"eael-advanced-accordion-icon-opened\"><i aria-hidden=\"true\" class=\"fa-accordion-icon fas fa-minus\"><\/i><\/span><span class=\"eael-accordion-tab-title\">Kann ich auf Ihrer Website oder \u00fcber Sie Informationen zum Wetter und zu den zu erwartenden Bedingungen zu einem bestimmten Zeitpunkt auf dem Tour des Muverans finden?<\/span><i aria-hidden=\"true\" class=\"fa-toggle fas fa-angle-right\"><\/i><\/div><div id=\"elementor-tab-content-2582\" class=\"eael-accordion-content clearfix\" data-tab=\"2\" aria-labelledby=\"puis-je-trouver-sur-votre-site-ou-par-votre-intermdiaire-des-renseignements-relatifs-la-mto-et-aux-conditions-quil-est-possible-de-rencontrer-une-priode-prcise-sur-le-tour-des-muverans-\"><p>Die kostenlose Smartphone-App <a href=\"https:\/\/www.meteosuisse.admin.ch\/services-et-publications\/service\/produits-meteorologiques-et-climatiques\/l-app-de-meteosuisse.html\" target=\"_blank\" rel=\"noopener nofollow\">MeteoSchweiz<\/a> geben Sie ziemlich genaue Informationen in Echtzeit. Andernfalls haben Sie immer die M\u00f6glichkeit, sich bei den H\u00fcttenwirten und H\u00fcttenwirtinnen zu informieren. Vergessen Sie aber nicht, die n\u00f6tige Ausr\u00fcstung f\u00fcr schlechtes Wetter und K\u00e4lte mitzunehmen.<\/p><\/div>\n\t\t\t\t\t<\/div><div class=\"eael-accordion-list\">\n\t\t\t\t\t<div id=\"on-nous-a-parl-de-deux-endroits-les-vires-et-le-passage-col-des-martinets-col-des-perris-blancs-un-tantinet-vertigineux-tout-au-moins-pour-qui-prouve-un-problme-face-au-vide-ou-aux-trs-fortes-pentes-est-il-possible-de-trouver-des-sentiers-dvitement-plus-faciles-\" class=\"elementor-tab-title eael-accordion-header\" tabindex=\"0\" data-tab=\"3\" aria-controls=\"elementor-tab-content-2583\"><span class=\"eael-advanced-accordion-icon-closed\"><i aria-hidden=\"true\" class=\"fa-accordion-icon fas fa-plus\"><\/i><\/span><span class=\"eael-advanced-accordion-icon-opened\"><i aria-hidden=\"true\" class=\"fa-accordion-icon fas fa-minus\"><\/i><\/span><span class=\"eael-accordion-tab-title\">Uns wurden zwei, einigerma\u00dfen schwindelerregende Orte genannt (die Vires und der Pass Col des Martinets \/ Col des Perris Blancs), zumindest f\u00fcr jemanden, der ein Problem mit der H\u00f6he oder sehr steilen H\u00e4ngen hat. Gibt es einfachere Umgehungspfade?<\/span><i aria-hidden=\"true\" class=\"fa-toggle fas fa-angle-right\"><\/i><\/div><div id=\"elementor-tab-content-2583\" class=\"eael-accordion-content clearfix\" data-tab=\"3\" aria-labelledby=\"on-nous-a-parl-de-deux-endroits-les-vires-et-le-passage-col-des-martinets-col-des-perris-blancs-un-tantinet-vertigineux-tout-au-moins-pour-qui-prouve-un-problme-face-au-vide-ou-aux-trs-fortes-pentes-est-il-possible-de-trouver-des-sentiers-dvitement-plus-faciles-\"><p>Ja, keine Sorge.<br \/>Einer dieser Abschnitte ist ein Band, das sich am Fu\u00dfe der Dents de Morcles schl\u00e4ngelt, auf dem Abschnitt Col du Dem\u00e8cre \u2013 Rionda. Es l\u00e4sst sich leicht umgehen, indem man der Beschilderung folgt. <a href=\"https:\/\/tourdesmuverans.ch\/de\/etapes\/variantes\/\" target=\"_blank\" rel=\"noopener\">\u00abVariante des TdM<\/a>, \u00fcber das Chalet Neuf.<br \/>Der andere Durchgang, der H\u00f6hepunkt der Tour du Mont Blanc, ist der Col des Martinets, 2612 m, perfekt gesichert. Wenn man ihn vermeiden m\u00f6chte, folgt man der <a href=\"https:\/\/tourdesmuverans.ch\/de\/etapes\/variantes\/\" target=\"_blank\" rel=\"noopener\">\u00abVariante\u00bb<\/a> erm\u00f6glicht die Erreichung der Cabane de la Tourche von Pont-de-Nant aus \u00fcber die Javerne-Alpe.<\/p><\/div>\n\t\t\t\t\t<\/div><div class=\"eael-accordion-list\">\n\t\t\t\t\t<div id=\"je-possde-un-chien-et-je-marche-toujours-avec-lui-est-il-possible-de-faire-le-tdm-en-sa-compagnie-\" class=\"elementor-tab-title eael-accordion-header\" tabindex=\"0\" data-tab=\"4\" aria-controls=\"elementor-tab-content-2584\"><span class=\"eael-advanced-accordion-icon-closed\"><i aria-hidden=\"true\" class=\"fa-accordion-icon fas fa-plus\"><\/i><\/span><span class=\"eael-advanced-accordion-icon-opened\"><i aria-hidden=\"true\" class=\"fa-accordion-icon fas fa-minus\"><\/i><\/span><span class=\"eael-accordion-tab-title\">Ich besitze einen Hund und gehe immer mit ihm spazieren. Ist es m\u00f6glich, den ToM in seiner Begleitung zu absolvieren?<\/span><i aria-hidden=\"true\" class=\"fa-toggle fas fa-angle-right\"><\/i><\/div><div id=\"elementor-tab-content-2584\" class=\"eael-accordion-content clearfix\" data-tab=\"4\" aria-labelledby=\"je-possde-un-chien-et-je-marche-toujours-avec-lui-est-il-possible-de-faire-le-tdm-en-sa-compagnie-\"><p>Es ist nicht verboten, mit seinem Hund spazieren zu gehen. Man muss nur bedenken, dass ein guter Teil der Tour durch einen eidgen\u00f6ssischen Freikanton f\u00fchrt und dass die geltende Regel sein wird, ihn auf dem gesamten betroffenen Abschnitt (Rambert-Derborence-Anzeindaz-Pont de Nant-La Tourche) an der Leine zu f\u00fchren. Einige H\u00fctten stellen f\u00fcr Ihren vierbeinigen Begleiter Pl\u00e4tze zur Verf\u00fcgung (Hundeh\u00fctte, Gehege, Schuppen usw.), bitte erkundigen Sie sich direkt bei den H\u00fcttenwarten und H\u00fcttenwartinnen.<\/p><\/div>\n\t\t\t\t\t<\/div><div class=\"eael-accordion-list\">\n\t\t\t\t\t<div id=\"jai-vu-sur-une-carte-divers-passages-qui-me-tentent-mais-qui-ne-semblent-pas-faire-partie-de-litinraire-habituel-le-pacheu-et-le-col-des-chamois-dans-lide-dune-traverse-rambert-cabane-plan-nv-anzeindaz-quen-pensez-vous-\" class=\"elementor-tab-title eael-accordion-header\" tabindex=\"0\" data-tab=\"5\" aria-controls=\"elementor-tab-content-2585\"><span class=\"eael-advanced-accordion-icon-closed\"><i aria-hidden=\"true\" class=\"fa-accordion-icon fas fa-plus\"><\/i><\/span><span class=\"eael-advanced-accordion-icon-opened\"><i aria-hidden=\"true\" class=\"fa-accordion-icon fas fa-minus\"><\/i><\/span><span class=\"eael-accordion-tab-title\">Ich habe auf einer Karte verschiedene, reizvolle, aber nicht allt\u00e4gliche P\u00e4sse gesehen: den Pacheu und den Col des Chamois, f\u00fcr eine \u00dcberschreitung von Rambert \u2013 Cabane Plan N\u00e9v\u00e9 - Anzeindaz. Was halten Sie davon?<\/span><i aria-hidden=\"true\" class=\"fa-toggle fas fa-angle-right\"><\/i><\/div><div id=\"elementor-tab-content-2585\" class=\"eael-accordion-content clearfix\" data-tab=\"5\" aria-labelledby=\"jai-vu-sur-une-carte-divers-passages-qui-me-tentent-mais-qui-ne-semblent-pas-faire-partie-de-litinraire-habituel-le-pacheu-et-le-col-des-chamois-dans-lide-dune-traverse-rambert-cabane-plan-nv-anzeindaz-quen-pensez-vous-\"><p>Dies sind Routen, die nicht Teil des \"Tour du Mont Blanc\" sind, aber die Sie begehen k\u00f6nnen, wenn Sie trittsicher (f\u00fcr den Luftraum) sind. Der Pacheu-Weg vom Lac de la Forclaz ist nicht markiert und der Abstieg (Vorsicht vor Steinschlag) auf den Gletscher erfolgt \u00fcber Ketten (Handlauf). Sobald Sie auf dem Eis sind, m\u00fcssen Sie sich gut orientieren, um den Weg zur H\u00fctte Plan N\u00e9v\u00e9 zu finden.<br \/>Der Col des Chamois (vom Ausgangspunkt Plan N\u00e9v\u00e9) ist ein <a href=\"https:\/\/www.suisse-rando.ch\/fr\/savoir\/signalisation\/categories-de-chemins-de-randonnee#page-section-3\" target=\"_blank\" rel=\"noopener nofollow\">Alpiner Wanderweg<\/a>, die Risiken birgt und nicht mit einer \u00abWanderung\u00bb verglichen werden kann.<\/p><\/div>\n\t\t\t\t\t<\/div><div class=\"eael-accordion-list\">\n\t\t\t\t\t<div id=\"quelles-sont-les-diffrents-points-de-dpart-pour-le-tdm-\" class=\"elementor-tab-title eael-accordion-header\" tabindex=\"0\" data-tab=\"6\" aria-controls=\"elementor-tab-content-2586\"><span class=\"eael-advanced-accordion-icon-closed\"><i aria-hidden=\"true\" class=\"fa-accordion-icon fas fa-plus\"><\/i><\/span><span class=\"eael-advanced-accordion-icon-opened\"><i aria-hidden=\"true\" class=\"fa-accordion-icon fas fa-minus\"><\/i><\/span><span class=\"eael-accordion-tab-title\">Welches sind die verschiedenen Ausgangspunkte f\u00fcr das TdM?<\/span><i aria-hidden=\"true\" class=\"fa-toggle fas fa-angle-right\"><\/i><\/div><div id=\"elementor-tab-content-2586\" class=\"eael-accordion-content clearfix\" data-tab=\"6\" aria-labelledby=\"quelles-sont-les-diffrents-points-de-dpart-pour-le-tdm-\"><p>Die wichtigsten Startpunkte der Tour sind: <a href=\"https:\/\/tourdesmuverans.ch\/de\/etapes\/tourcomplet\/#ovronnaz\" target=\"_blank\" rel=\"noopener\">Ovronnaz<\/a>, <a href=\"https:\/\/tourdesmuverans.ch\/de\/etapes\/tourcomplet\/#derborence\" target=\"_blank\" rel=\"noopener\">Derborence<\/a> und <a href=\"https:\/\/tourdesmuverans.ch\/de\/etapes\/tourcomplet\/#pontnant\" target=\"_blank\" rel=\"noopener\">Nant-Br\u00fccke<\/a>. Sie k\u00f6nnen sich der Tour auch an folgenden Punkten anschlie\u00dfen (mit einem ca. 1,5-st\u00fcndigen Fu\u00dfmarsch an): <a href=\"https:\/\/s.geo.admin.ch\/i9s79ppf06vy\" target=\"_blank\" rel=\"noopener nofollow\">L\u2019Eri\u00e9 oder L\u00e9ri\u00e9<\/a> (Vollst\u00e4ndig), Les <a href=\"https:\/\/s.geo.admin.ch\/0xt4t9gm4i8k\" target=\"_blank\" rel=\"noopener nofollow\">Martinaux<\/a> (Morcles) und <a href=\"https:\/\/tourdesmuverans.ch\/de\/etapes\/tourcomplet\/#solalex\" target=\"_blank\" rel=\"noopener\">Solalex<\/a> (Bex). Es ist anzumerken, dass der Parkplatz des letzteren kostenpflichtig ist. Man kann auch zum\u2019<a href=\"https:\/\/s.geo.admin.ch\/d9qjax1rxou6\" target=\"_blank\" rel=\"noopener nofollow\">Au D\u2019Arbignon<\/a> \u00fcber eine Stra\u00dfe, die vom... hinauff\u00fchrt <a href=\"https:\/\/s.geo.admin.ch\/rrifglwtczwp\" target=\"_blank\" rel=\"noopener nofollow\">Collonges<\/a> (einen Gel\u00e4ndewagen\/4x4 einplanen).<\/p><\/div>\n\t\t\t\t\t<\/div><div class=\"eael-accordion-list\">\n\t\t\t\t\t<div id=\"est-il-possible-de-partir-du-village-de-morcles-\" class=\"elementor-tab-title eael-accordion-header\" tabindex=\"0\" data-tab=\"7\" aria-controls=\"elementor-tab-content-2587\"><span class=\"eael-advanced-accordion-icon-closed\"><i aria-hidden=\"true\" class=\"fa-accordion-icon fas fa-plus\"><\/i><\/span><span class=\"eael-advanced-accordion-icon-opened\"><i aria-hidden=\"true\" class=\"fa-accordion-icon fas fa-minus\"><\/i><\/span><span class=\"eael-accordion-tab-title\">Ist es m\u00f6glich, das Dorf Morcles zu verlassen?<\/span><i aria-hidden=\"true\" class=\"fa-toggle fas fa-angle-right\"><\/i><\/div><div id=\"elementor-tab-content-2587\" class=\"eael-accordion-content clearfix\" data-tab=\"7\" aria-labelledby=\"est-il-possible-de-partir-du-village-de-morcles-\"><p>Leider ist das Dorf <a href=\"https:\/\/s.geo.admin.ch\/kl9yocpthura\" target=\"_blank\" rel=\"noopener nofollow\">Morcles<\/a> wird nicht mehr von \u00f6ffentlichen Verkehrsmitteln bedient. Es ist jedoch m\u00f6glich, sein Fahrzeug auf den H\u00f6hen von Morcles, am Ort namens <a href=\"https:\/\/s.geo.admin.ch\/0xt4t9gm4i8k\" rel=\"nofollow noopener\" target=\"_blank\">Die Martinaux<\/a>, 1726 m. Von dort aus ist es m\u00f6glich, die Route zur H\u00fctte La Tourche in 1 Stunde und 15 Minuten zu Fu\u00df zu erreichen.<\/p><\/div>\n\t\t\t\t\t<\/div><div class=\"eael-accordion-list\">\n\t\t\t\t\t<div id=\"est-il-possible-de-faire-le-tdm-en-dormant-librement-sous-sa-tente-de-camping-sans-recourir-aux-cabanes-et-gtes-\" class=\"elementor-tab-title eael-accordion-header\" tabindex=\"0\" data-tab=\"8\" aria-controls=\"elementor-tab-content-2588\"><span class=\"eael-advanced-accordion-icon-closed\"><i aria-hidden=\"true\" class=\"fa-accordion-icon fas fa-plus\"><\/i><\/span><span class=\"eael-advanced-accordion-icon-opened\"><i aria-hidden=\"true\" class=\"fa-accordion-icon fas fa-minus\"><\/i><\/span><span class=\"eael-accordion-tab-title\">Ist es m\u00f6glich, den ToM zu absolvieren, indem man frei in seinem Campingzelt schl\u00e4ft und nicht auf H\u00fctten und Herbergen zur\u00fcckgreift?<\/span><i aria-hidden=\"true\" class=\"fa-toggle fas fa-angle-right\"><\/i><\/div><div id=\"elementor-tab-content-2588\" class=\"eael-accordion-content clearfix\" data-tab=\"8\" aria-labelledby=\"est-il-possible-de-faire-le-tdm-en-dormant-librement-sous-sa-tente-de-camping-sans-recourir-aux-cabanes-et-gtes-\"><p>Im Bezirk Franc F\u00e9d\u00e9ral (Rambert-Derborence-Anzeindaz-Pont de Nant-La Tourche) ist das Zelten verboten. Auf dem restlichen Teil der Strecke gibt es keine Beschr\u00e4nkungen. Wenn Sie jedoch vorhaben, Ihr Zelt in der N\u00e4he einer H\u00fctte aufzuschlagen, informieren Sie bitte den H\u00fcttenwart. Vorsicht vor Wasserl\u00e4ufen (Hochwasser).<\/p><\/div>\n\t\t\t\t\t<\/div><div class=\"eael-accordion-list\">\n\t\t\t\t\t<div id=\"quelle-est-la-meilleure-priode-pour-parcourir-le-tdm-\" class=\"elementor-tab-title eael-accordion-header\" tabindex=\"0\" data-tab=\"9\" aria-controls=\"elementor-tab-content-2589\"><span class=\"eael-advanced-accordion-icon-closed\"><i aria-hidden=\"true\" class=\"fa-accordion-icon fas fa-plus\"><\/i><\/span><span class=\"eael-advanced-accordion-icon-opened\"><i aria-hidden=\"true\" class=\"fa-accordion-icon fas fa-minus\"><\/i><\/span><span class=\"eael-accordion-tab-title\">Wann ist die beste Zeit, um den ToM zu durchlaufen?<\/span><i aria-hidden=\"true\" class=\"fa-toggle fas fa-angle-right\"><\/i><\/div><div id=\"elementor-tab-content-2589\" class=\"eael-accordion-content clearfix\" data-tab=\"9\" aria-labelledby=\"quelle-est-la-meilleure-priode-pour-parcourir-le-tdm-\"><p>Der TdM ist eine Wandertour. Die empfohlene Zeit l\u00e4uft von Juni bis September.<br \/>In manchen Jahren ist es von Anfang Juni bis Ende Oktober praktikabel.<\/p><\/div>\n\t\t\t\t\t<\/div><div class=\"eael-accordion-list\">\n\t\t\t\t\t<div id=\"est-il-possible-de-raliser-le-parcours-intgral-du-tdm-en-hiver-en-ski-de-rando-\" class=\"elementor-tab-title eael-accordion-header\" tabindex=\"0\" data-tab=\"10\" aria-controls=\"elementor-tab-content-25810\"><span class=\"eael-advanced-accordion-icon-closed\"><i aria-hidden=\"true\" class=\"fa-accordion-icon fas fa-plus\"><\/i><\/span><span class=\"eael-advanced-accordion-icon-opened\"><i aria-hidden=\"true\" class=\"fa-accordion-icon fas fa-minus\"><\/i><\/span><span class=\"eael-accordion-tab-title\">Ist es m\u00f6glich, die gesamte Strecke des TdM im Winter mit Tourenski zu bew\u00e4ltigen?<\/span><i aria-hidden=\"true\" class=\"fa-toggle fas fa-angle-right\"><\/i><\/div><div id=\"elementor-tab-content-25810\" class=\"eael-accordion-content clearfix\" data-tab=\"10\" aria-labelledby=\"est-il-possible-de-raliser-le-parcours-intgral-du-tdm-en-hiver-en-ski-de-rando-\"><p>Es ist schwierig, den Giro im Winter zu machen, haupts\u00e4chlich wegen der Lawinengefahr und der vielen zu durchquerenden Korridore. Au\u00dferdem muss die Ruhe der Wildtiere respektiert werden.<br \/>Die meisten H\u00fctten sind im Winter geschlossen, keine ist bewirtschaftet.<\/p><\/div>\n\t\t\t\t\t<\/div><div class=\"eael-accordion-list\">\n\t\t\t\t\t<div id=\"existe-t-il-des-possibilits-de-randonnes-hivernales-sur-le-trac-du-tdm-\" class=\"elementor-tab-title eael-accordion-header\" tabindex=\"0\" data-tab=\"11\" aria-controls=\"elementor-tab-content-25811\"><span class=\"eael-advanced-accordion-icon-closed\"><i aria-hidden=\"true\" class=\"fa-accordion-icon fas fa-plus\"><\/i><\/span><span class=\"eael-advanced-accordion-icon-opened\"><i aria-hidden=\"true\" class=\"fa-accordion-icon fas fa-minus\"><\/i><\/span><span class=\"eael-accordion-tab-title\">Gibt es M\u00f6glichkeiten f\u00fcr Winterwanderungen auf der TdM-Strecke?<\/span><i aria-hidden=\"true\" class=\"fa-toggle fas fa-angle-right\"><\/i><\/div><div id=\"elementor-tab-content-25811\" class=\"eael-accordion-content clearfix\" data-tab=\"11\" aria-labelledby=\"existe-t-il-des-possibilits-de-randonnes-hivernales-sur-le-trac-du-tdm-\"><p>Einige Gebiete sind im Winter ziemlich \u00fcberlaufen, besonders auf der Seite von Ovronnaz (und ein wenig auf Pont de Nant). Aber man darf nicht vergessen, dass die TDM eine Sommerwanderung bleibt.<\/p><\/div>\n\t\t\t\t\t<\/div><\/div>\t\t\t\t<\/div>\n\t\t\t\t<\/div>\n\t\t\t\t\t<\/div>\n\t\t\t\t<\/div>\n\t\t\t\t<\/div>","protected":false},"excerpt":{"rendered":"<p>FAQ Quelle est la meilleure carte pour pr\u00e9parer \u00abson\u00bb Tour des Muverans ? Nous vous conseillons vivement le recours aux applications gratuites pour smartphones SuisseMobile, ou\/et Swisstopo. L&rsquo;avantage de ces applications est, entre autres, d&rsquo;\u00eatres mises \u00e0 jour au minimum une fois par an, ce qui n&rsquo;est bien s\u00fbr pas le cas d&rsquo;une carte papier. [&hellip;]<\/p>\n","protected":false},"author":1,"featured_media":0,"parent":0,"menu_order":0,"comment_status":"closed","ping_status":"closed","template":"","meta":{"site-sidebar-layout":"no-sidebar","site-content-layout":"page-builder","ast-site-content-layout":"full-width-container","site-content-style":"default","site-sidebar-style":"default","ast-global-header-display":"","ast-banner-title-visibility":"","ast-main-header-display":"","ast-hfb-above-header-display":"","ast-hfb-below-header-display":"","ast-hfb-mobile-header-display":"","site-post-title":"disabled","ast-breadcrumbs-content":"","ast-featured-img":"disabled","footer-sml-layout":"","ast-disable-related-posts":"","theme-transparent-header-meta":"","adv-header-id-meta":"","stick-header-meta":"","header-above-stick-meta":"","header-main-stick-meta":"","header-below-stick-meta":"","astra-migrate-meta-layouts":"set","ast-page-background-enabled":"default","ast-page-background-meta":{"desktop":{"background-color":"var(--ast-global-color-4)","background-image":"","background-repeat":"repeat","background-position":"center center","background-size":"auto","background-attachment":"scroll","background-type":"","background-media":"","overlay-type":"","overlay-color":"","overlay-opacity":"","overlay-gradient":""},"tablet":{"background-color":"","background-image":"","background-repeat":"repeat","background-position":"center center","background-size":"auto","background-attachment":"scroll","background-type":"","background-media":"","overlay-type":"","overlay-color":"","overlay-opacity":"","overlay-gradient":""},"mobile":{"background-color":"","background-image":"","background-repeat":"repeat","background-position":"center center","background-size":"auto","background-attachment":"scroll","background-type":"","background-media":"","overlay-type":"","overlay-color":"","overlay-opacity":"","overlay-gradient":""}},"ast-content-background-meta":{"desktop":{"background-color":"var(--ast-global-color-5)","background-image":"","background-repeat":"repeat","background-position":"center center","background-size":"auto","background-attachment":"scroll","background-type":"","background-media":"","overlay-type":"","overlay-color":"","overlay-opacity":"","overlay-gradient":""},"tablet":{"background-color":"var(--ast-global-color-5)","background-image":"","background-repeat":"repeat","background-position":"center center","background-size":"auto","background-attachment":"scroll","background-type":"","background-media":"","overlay-type":"","overlay-color":"","overlay-opacity":"","overlay-gradient":""},"mobile":{"background-color":"var(--ast-global-color-5)","background-image":"","background-repeat":"repeat","background-position":"center center","background-size":"auto","background-attachment":"scroll","background-type":"","background-media":"","overlay-type":"","overlay-color":"","overlay-opacity":"","overlay-gradient":""}},"footnotes":""},"class_list":["post-1979","page","type-page","status-publish","hentry"],"_links":{"self":[{"href":"https:\/\/tourdesmuverans.ch\/de\/wp-json\/wp\/v2\/pages\/1979","targetHints":{"allow":["GET"]}}],"collection":[{"href":"https:\/\/tourdesmuverans.ch\/de\/wp-json\/wp\/v2\/pages"}],"about":[{"href":"https:\/\/tourdesmuverans.ch\/de\/wp-json\/wp\/v2\/types\/page"}],"author":[{"embeddable":true,"href":"https:\/\/tourdesmuverans.ch\/de\/wp-json\/wp\/v2\/users\/1"}],"replies":[{"embeddable":true,"href":"https:\/\/tourdesmuverans.ch\/de\/wp-json\/wp\/v2\/comments?post=1979"}],"version-history":[{"count":70,"href":"https:\/\/tourdesmuverans.ch\/de\/wp-json\/wp\/v2\/pages\/1979\/revisions"}],"predecessor-version":[{"id":4241,"href":"https:\/\/tourdesmuverans.ch\/de\/wp-json\/wp\/v2\/pages\/1979\/revisions\/4241"}],"wp:attachment":[{"href":"https:\/\/tourdesmuverans.ch\/de\/wp-json\/wp\/v2\/media?parent=1979"}],"curies":[{"name":"wp","href":"https:\/\/api.w.org\/{rel}","templated":true}]}}